{"id":5,"date":"2015-02-21T12:11:08","date_gmt":"2015-02-21T09:11:08","guid":{"rendered":"http:\/\/www.yeniterter.az\/?page_id=5"},"modified":"2024-04-04T11:59:04","modified_gmt":"2024-04-04T08:59:04","slug":"bas-redaktordan","status":"publish","type":"page","link":"https:\/\/yeniterter.az\/?page_id=5","title":{"rendered":"Ba\u015f redaktordan"},"content":{"rendered":"<p style=\"margin: 0cm; margin-bottom: .0001pt; text-indent: 27.0pt; line-height: 150%; background: white; vertical-align: baseline;\"><span style=\"font-size: 14.0pt; line-height: 150%; color: #646464;\">M\u00f6ht\u0259r\u0259m oxucular!<\/span><\/p>\n<p><img decoding=\"async\" loading=\"lazy\" class=\"size-medium wp-image-27039 alignleft\" src=\"https:\/\/yeniterter.az\/wp-content\/uploads\/DSC_72221-1-229x300.jpg\" alt=\"\" width=\"229\" height=\"300\" srcset=\"https:\/\/yeniterter.az\/wp-content\/uploads\/DSC_72221-1-229x300.jpg 229w, https:\/\/yeniterter.az\/wp-content\/uploads\/DSC_72221-1-782x1024.jpg 782w, https:\/\/yeniterter.az\/wp-content\/uploads\/DSC_72221-1-768x1006.jpg 768w, https:\/\/yeniterter.az\/wp-content\/uploads\/DSC_72221-1-1173x1536.jpg 1173w, https:\/\/yeniterter.az\/wp-content\/uploads\/DSC_72221-1-1564x2048.jpg 1564w, https:\/\/yeniterter.az\/wp-content\/uploads\/DSC_72221-1-scaled.jpg 1955w\" sizes=\"(max-width: 229px) 100vw, 229px\" \/>T\u0259rt\u0259r Az\u0259rbaycan\u0131n \u00e7ox q\u0259dim tarix\u0259 malik ya\u015fay\u0131\u015f m\u0259sk\u0259nl\u0259rind\u0259n biridir. Bu tarix VII \u0259srd\u0259n d\u0259 \u0259vv\u0259l\u0259 gedib \u00e7\u0131x\u0131r. T\u0259rt\u0259r \u00e7ay\u0131n\u0131n ad\u0131 da m\u0259hz t\u0259rt\u0259rl\u0259r tayfas\u0131n\u0131n bu \u0259razid\u0259 ya\u015fad\u0131qlar\u0131n\u0131 isbatlayan faktordur.<\/p>\n<p>T\u0259rt\u0259r rayonu 1930-cu ild\u0259 yarad\u0131lm\u0131\u015f v\u0259 bundan 4 il sonra\u20131934-c\u00fc ilin<\/p>\n<p>aprel ay\u0131nda\u00a0<strong>\u00abKolxoz\u00e7ular\u0131n varlanmas\u0131<\/strong><strong> yolunda<\/strong><strong>\u00bb<\/strong>\u00a0adl\u0131 rayon q\u0259zeti n\u0259\u015fr olunma\u011fa ba\u015flam\u0131\u015fd\u0131r. 1937-ci ild\u0259 q\u0259zetin ad\u0131 d\u0259yi\u015fdiril\u0259r\u0259k\u00a0<strong>\u00abQ\u0131z\u0131l bayraq\u00bb<\/strong>\u00a0olmu\u015f, 1991-c\u0131\u00a0 ilin \u00a0yanvar ay\u0131ndan is\u0259\u00a0<strong>\u00abT\u0259rt\u0259r\u00bb<\/strong>\u00a0adland\u0131r\u0131lm\u0131\u015fd\u0131r.<\/p>\n<p>Erm\u0259ni quldurlar\u0131 \u00f6z m\u0259krli niyy\u0259tl\u0259rini yenid\u0259n h\u0259yata ke\u00e7irm\u0259k x\u00fclyas\u0131 il\u0259 biziml\u0259 m\u00fcharib\u0259 aparanda redaksiyan\u0131n binas\u0131na da m\u0259rmi d\u00fc\u015fm\u00fc\u015f v\u0259 onu da\u011f\u0131tm\u0131\u015fd\u0131r. T\u0259rt\u0259r c\u0259bh\u0259 b\u00f6lg\u0259sin\u0259 yerl\u0259\u015fdiyin\u0259 g\u00f6r\u0259 \u0259razisind\u0259 qanl\u0131 d\u00f6y\u00fc\u015fl\u0259r getmi\u015f v\u0259 bu vuru\u015fmalarda sava\u015fan o\u011fullar\u0131m\u0131zla yana\u015f\u0131 q\u0259zetin \u0259m\u0259kda\u015flar\u0131 da \u00f6z do\u011fma yurdlar\u0131n\u0131n m\u00fcdafi\u0259sin\u0259 qalxm\u0131\u015flar. N\u0259tic\u0259d\u0259 erm\u0259ni t\u0259cav\u00fczkarlar\u0131 T\u0259rt\u0259rin n\u0259inki bir qar\u0131\u015f torpa\u011f\u0131n\u0131 i\u015f\u011fal ed\u0259 bilm\u0259mi\u015f, h\u0259tta A\u011fd\u0259r\u0259 rayonunun erm\u0259nil\u0259r ya\u015fayan xeyli k\u0259ndi onlardan azad edilmi\u015fdir. \u00a0\u00a0Erm\u0259nil\u0259r redaksiyan\u0131n binas\u0131n\u0131 m\u0259rmi il\u0259 da\u011f\u0131tsalar da, q\u0259zetin f\u0259aliyy\u0259tini dayand\u0131ra bilm\u0259dil\u0259r.<\/p>\n<p>2005-ci ild\u0259n q\u0259zetin ad\u0131 \u00a0<strong>\u00ab<\/strong><strong>Yeni<\/strong> <strong>T<\/strong><strong>\u0259<\/strong><strong>rt<\/strong><strong>\u0259<\/strong><strong>r<\/strong><strong>\u00bb<\/strong>\u00a0oldu.<\/p>\n<p><strong>\u00a0\u00abYeni T\u0259rt\u0259r\u00bb<\/strong>\u00a0haz\u0131rda 1200 n\u00fcsx\u0259 tirajla \u00e7\u0131x\u0131r v\u0259 b\u00f6lg\u0259 q\u0259zetl\u0259ri i\u00e7\u0259risind\u0259 \u00f6z d\u0259sti-x\u0259ttiyl\u0259 se\u00e7ilir. Onun \u0259m\u0259kda\u015flar\u0131 d\u0259f\u0259l\u0259rl\u0259 m\u00fcsabiq\u0259 qalibi olmu\u015f, diplomlar, f\u0259xri f\u0259rmanlar, pul m\u00fckafatlar\u0131 v\u0259 qiym\u0259tli h\u0259diyy\u0259l\u0259r alm\u0131\u015flar.<\/p>\n<p>Q\u0259zetimiz h\u0259ft\u0259d\u0259 \u00fc\u00e7 d\u0259f\u0259 \u00e7\u0131x\u0131r v\u0259\u00a0 elektron sayt\u0131 f\u0259aliyy\u0259t g\u00f6st\u0259rir.<\/p>\n<p>Region medias\u0131nda g\u00f6st\u0259rdiyi qay\u011f\u0131 \u00fc\u00e7\u00fcn m\u0259tbuat\u0131n yax\u0131n dostu olan m\u00f6ht\u0259r\u0259m Prezidentimiz \u0130lham \u018fliyev\u0259 sonsuz minn\u0259tdarl\u0131\u011f\u0131m\u0131z\u0131 bildiririk.<\/p>\n<p>T\u0259rt\u0259r Rayon \u0130cra Hakimiyy\u0259tinin r\u0259hb\u0259rliyi v\u0259 h\u00f6rm\u0259tli abun\u0259\u00e7il\u0259rimiz q\u0259zetimizin ya\u015famas\u0131 \u00fc\u00e7\u00fcn \u0259ll\u0259rind\u0259n g\u0259l\u0259ni \u0259sirg\u0259mirl\u0259r. Sa\u011f olsunlar!<\/p>\n<p>Sonda sizi \u0259min etm\u0259k ist\u0259yir\u0259m ki, \u0259ziz oxucular, var g\u00fcc\u00fcm\u00fczl\u0259 \u00e7al\u0131\u015faca\u011f\u0131q ki, q\u0259zetimizin bu elektron variant\u0131nda axtard\u0131\u011f\u0131n\u0131z\u0131 tapas\u0131n\u0131z.<\/p>\n<p>Allah\u0131n aman\u0131nda olun!<\/p>\n<p style=\"text-align: right;\"><strong><em>Svetlana Ba\u011f\u0131rova, <\/em><\/strong><\/p>\n<p style=\"text-align: right;\"><strong><em>\u201cYeni T\u0259rt\u0259r\u201d q\u0259zetinin ba\u015f\u00a0 redaktoru,<\/em><\/strong><\/p>\n<p style=\"text-align: right;\"><strong><em>\u00a0\u201cQ\u0131z\u0131l Q\u0259l\u0259m\u201d m\u00fckafat\u0131 laureat\u0131<\/em><\/strong><\/p>\n<p><strong><em>\u00a0<\/em><\/strong><\/p>\n","protected":false},"excerpt":{"rendered":"<p>M\u00f6ht\u0259r\u0259m oxucular! T\u0259rt\u0259r Az\u0259rbaycan\u0131n \u00e7ox q\u0259dim tarix\u0259 malik ya\u015fay\u0131\u015f m\u0259sk\u0259nl\u0259rind\u0259n biridir. Bu tarix VII \u0259srd\u0259n d\u0259 \u0259vv\u0259l\u0259 gedib \u00e7\u0131x\u0131r. T\u0259rt\u0259r \u00e7ay\u0131n\u0131n ad\u0131 da m\u0259hz t\u0259rt\u0259rl\u0259r tayfas\u0131n\u0131n bu \u0259razid\u0259 ya\u015fad\u0131qlar\u0131n\u0131 isbatlayan faktordur. T\u0259rt\u0259r rayonu 1930-cu ild\u0259 yarad\u0131lm\u0131\u015f v\u0259 bundan 4 il sonra\u20131934-c\u00fc ilin aprel ay\u0131nda\u00a0\u00abKolxoz\u00e7ular\u0131n varlanmas\u0131 yolunda\u00bb\u00a0adl\u0131 rayon q\u0259zeti n\u0259\u015fr olunma\u011fa ba\u015flam\u0131\u015fd\u0131r. 1937-ci ild\u0259 q\u0259zetin ad\u0131 [&hellip;]<\/p>\n","protected":false},"author":1,"featured_media":0,"parent":0,"menu_order":1,"comment_status":"closed","ping_status":"closed","template":"","meta":[],"_links":{"self":[{"href":"https:\/\/yeniterter.az\/index.php?rest_route=\/wp\/v2\/pages\/5"}],"collection":[{"href":"https:\/\/yeniterter.az\/index.php?rest_route=\/wp\/v2\/pages"}],"about":[{"href":"https:\/\/yeniterter.az\/index.php?rest_route=\/wp\/v2\/types\/page"}],"author":[{"embeddable":true,"href":"https:\/\/yeniterter.az\/index.php?rest_route=\/wp\/v2\/users\/1"}],"replies":[{"embeddable":true,"href":"https:\/\/yeniterter.az\/index.php?rest_route=%2Fwp%2Fv2%2Fcomments&post=5"}],"version-history":[{"count":2,"href":"https:\/\/yeniterter.az\/index.php?rest_route=\/wp\/v2\/pages\/5\/revisions"}],"predecessor-version":[{"id":27040,"href":"https:\/\/yeniterter.az\/index.php?rest_route=\/wp\/v2\/pages\/5\/revisions\/27040"}],"wp:attachment":[{"href":"https:\/\/yeniterter.az\/index.php?rest_route=%2Fwp%2Fv2%2Fmedia&parent=5"}],"curies":[{"name":"wp","href":"https:\/\/api.w.org\/{rel}","templated":true}]}}